 {"id":6,"date":"2024-01-25T18:09:15","date_gmt":"2024-01-25T18:09:15","guid":{"rendered":"http:\/\/www.kasalpopular.net\/?page_id=6"},"modified":"2024-02-08T16:41:42","modified_gmt":"2024-02-08T16:41:42","slug":"punt-dorientacio-social-les-arenes","status":"publish","type":"page","link":"http:\/\/www.kasalpopular.net\/?page_id=6","title":{"rendered":"Punt d\u2019Orientaci\u00f3 Social Les Arenes"},"content":{"rendered":"<p>[et_pb_section fb_built=\u00bb1&#8243; admin_label=\u00bbHeader &#038; Post Slider\u00bb _builder_version=\u00bb4.18.0&#8243; _module_preset=\u00bbdefault\u00bb background_color=\u00bb#FFFFFF\u00bb min_height=\u00bb270.6px\u00bb collapsed=\u00bbon\u00bb global_colors_info=\u00bb{}\u00bb][et_pb_row _builder_version=\u00bb4.23.1&#8243; _module_preset=\u00bbdefault\u00bb global_colors_info=\u00bb{}\u00bb][et_pb_column type=\u00bb4_4&#8243; _builder_version=\u00bb4.23.1&#8243; _module_preset=\u00bbdefault\u00bb global_colors_info=\u00bb{}\u00bb][et_pb_text _builder_version=\u00bb4.18.0&#8243; _module_preset=\u00bb23df5564-9e45-4eb8-b264-480d60285057&#8243; text_font_size=\u00bb24px\u00bb header_font_size=\u00bb50px\u00bb text_orientation=\u00bbcenter\u00bb hover_enabled=\u00bb0&#8243; global_colors_info=\u00bb{}\u00bb sticky_enabled=\u00bb0&#8243;]<\/p>\n<h1>Qu\u00e8 fem?<\/h1>\n<p>&nbsp;<\/p>\n<p>[\/et_pb_text][\/et_pb_column][\/et_pb_row][et_pb_row _builder_version=\u00bb4.18.0&#8243; _module_preset=\u00bbdefault\u00bb custom_margin=\u00bb-20px||||false|false\u00bb custom_padding=\u00bb15px|||||\u00bb hover_enabled=\u00bb0&#8243; global_colors_info=\u00bb{}\u00bb sticky_enabled=\u00bb0&#8243;][et_pb_column type=\u00bb4_4&#8243; _builder_version=\u00bb4.18.0&#8243; _module_preset=\u00bbdefault\u00bb global_colors_info=\u00bb{}\u00bb][et_pb_text _builder_version=\u00bb4.18.0&#8243; _module_preset=\u00bbdefault\u00bb hover_enabled=\u00bb0&#8243; global_colors_info=\u00bb{}\u00bb sticky_enabled=\u00bb0&#8243;]<\/p>\n<p>Ajudem les persones a fer tr\u00e0mits relacionats amb les prestacions socials i a realitzar diferents tr\u00e0mits telem\u00e0tics<\/p>\n<p>[\/et_pb_text][\/et_pb_column][\/et_pb_row][\/et_pb_section][et_pb_section fb_built=\u00bb1&#8243; admin_label=\u00bbHeader &#038; Post Slider\u00bb _builder_version=\u00bb4.18.0&#8243; _module_preset=\u00bbdefault\u00bb background_color=\u00bb#FFFFFF\u00bb custom_margin=\u00bb-60px||0px||false|false\u00bb custom_padding=\u00bb35px|||||\u00bb locked=\u00bboff\u00bb collapsed=\u00bbon\u00bb global_colors_info=\u00bb{}\u00bb][et_pb_row _builder_version=\u00bb4.23.1&#8243; _module_preset=\u00bbdefault\u00bb global_colors_info=\u00bb{}\u00bb][et_pb_column type=\u00bb4_4&#8243; _builder_version=\u00bb4.23.1&#8243; _module_preset=\u00bbdefault\u00bb global_colors_info=\u00bb{}\u00bb][et_pb_text _builder_version=\u00bb4.18.0&#8243; _module_preset=\u00bb23df5564-9e45-4eb8-b264-480d60285057&#8243; header_font_size=\u00bb50px\u00bb text_orientation=\u00bbcenter\u00bb min_height=\u00bb80.8px\u00bb custom_padding=\u00bb||27px|||\u00bb global_colors_info=\u00bb{}\u00bb]<\/p>\n<h1>Tr\u00e0mits<\/h1>\n<p>[\/et_pb_text][\/et_pb_column][\/et_pb_row][et_pb_row _builder_version=\u00bb4.18.0&#8243; _module_preset=\u00bbdefault\u00bb custom_margin=\u00bb-50px||||false|false\u00bb global_colors_info=\u00bb{}\u00bb][et_pb_column type=\u00bb4_4&#8243; _builder_version=\u00bb4.18.0&#8243; _module_preset=\u00bbdefault\u00bb global_colors_info=\u00bb{}\u00bb][et_pb_text _builder_version=\u00bb4.18.0&#8243; _module_preset=\u00bbdefault\u00bb min_height=\u00bb297.6px\u00bb custom_margin=\u00bb|||50px|false|false\u00bb global_colors_info=\u00bb{}\u00bb]<\/p>\n<p><i><span style=\"font-weight: 400;\">sol\u00b7licitud o consulta sobre l\u2019Ingr\u00e9s M\u00ednim Vital, <\/span><\/i><\/p>\n<p><i><span style=\"font-weight: 400;\">sol\u00b7licitud per a la renovaci\u00f3 de l\u2019atur, <\/span><\/i><\/p>\n<p><i><span style=\"font-weight: 400;\">declaraci\u00f3 de la renda,<\/span><\/i><\/p>\n<p><i><span style=\"font-weight: 400;\"> alta i acc\u00e9s a l\u2019IdCAT m\u00f2bil,<\/span><\/i><\/p>\n<p><i><span style=\"font-weight: 400;\"> alta i acc\u00e9s a <\/span><\/i><a href=\"about:blank\"><i><span style=\"font-weight: 400;\">Cl@ve<\/span><\/i><\/a><i><span style=\"font-weight: 400;\">, <\/span><\/i><\/p>\n<p><i><span style=\"font-weight: 400;\">cita pr\u00e8via per realitzar tr\u00e0mits a l\u2019Ajuntament <\/span><\/i><\/p>\n<p><i><span style=\"font-weight: 400;\">(<\/span><\/i><i><span style=\"font-weight: 400;\">padr\u00f3, certificats, pagaments,inst\u00e0ncies, etc&#8230;)<\/span><\/i><\/p>\n<p>[\/et_pb_text][\/et_pb_column][\/et_pb_row][et_pb_row column_structure=\u00bb1_3,1_3,1_3&#8243; _builder_version=\u00bb4.18.0&#8243; _module_preset=\u00bbdefault\u00bb min_height=\u00bb125px\u00bb global_colors_info=\u00bb{}\u00bb][et_pb_column type=\u00bb1_3&#8243; _builder_version=\u00bb4.18.0&#8243; _module_preset=\u00bbdefault\u00bb global_colors_info=\u00bb{}\u00bb][et_pb_image src=\u00bbhttp:\/\/www.kasalpopular.net\/wp-content\/uploads\/2024\/01\/Logo_cl@ve.svg_-300&#215;98.png\u00bb title_text=\u00bbLogo_cl@ve.svg\u00bb _builder_version=\u00bb4.18.0&#8243; _module_preset=\u00bbdefault\u00bb transform_scale=\u00bb61%|61%\u00bb custom_margin=\u00bb-22px||||false|false\u00bb global_colors_info=\u00bb{}\u00bb][\/et_pb_image][\/et_pb_column][et_pb_column type=\u00bb1_3&#8243; _builder_version=\u00bb4.18.0&#8243; _module_preset=\u00bbdefault\u00bb global_colors_info=\u00bb{}\u00bb][et_pb_image src=\u00bbhttp:\/\/www.kasalpopular.net\/wp-content\/uploads\/2024\/01\/SG-1.png\u00bb title_text=\u00bbSG\u00bb _builder_version=\u00bb4.18.0&#8243; _module_preset=\u00bbdefault\u00bb global_colors_info=\u00bb{}\u00bb][\/et_pb_image][\/et_pb_column][et_pb_column type=\u00bb1_3&#8243; _builder_version=\u00bb4.18.0&#8243; _module_preset=\u00bbdefault\u00bb global_colors_info=\u00bb{}\u00bb][et_pb_image src=\u00bbhttp:\/\/www.kasalpopular.net\/wp-content\/uploads\/2024\/01\/agt-1.png\u00bb title_text=\u00bbagt\u00bb _builder_version=\u00bb4.18.0&#8243; _module_preset=\u00bbdefault\u00bb global_colors_info=\u00bb{}\u00bb][\/et_pb_image][\/et_pb_column][\/et_pb_row][\/et_pb_section][et_pb_section fb_built=\u00bb1&#8243; admin_label=\u00bbFooter\u00bb _builder_version=\u00bb4.18.0&#8243; _module_preset=\u00bbdefault\u00bb background_color=\u00bb#FFFFFF\u00bb background_enable_image=\u00bboff\u00bb background_size=\u00bbcustom\u00bb background_image_width=\u00bb8%\u00bb background_position=\u00bbbottom_right\u00bb background_horizontal_offset=\u00bb30px\u00bb background_vertical_offset=\u00bb30px\u00bb custom_margin=\u00bb-50px||0px||false|false\u00bb saved_tabs=\u00bball\u00bb collapsed=\u00bbon\u00bb global_colors_info=\u00bb{}\u00bb][et_pb_row column_structure=\u00bb1_3,1_3,1_3&#8243; _builder_version=\u00bb4.18.0&#8243; _module_preset=\u00bbdefault\u00bb width=\u00bb66%\u00bb global_colors_info=\u00bb{}\u00bb][et_pb_column type=\u00bb1_3&#8243; _builder_version=\u00bb4.23.1&#8243; _module_preset=\u00bbdefault\u00bb global_colors_info=\u00bb{}\u00bb][et_pb_text _builder_version=\u00bb4.18.0&#8243; _module_preset=\u00bba02eddaa-875a-4989-9aad-555076f8cb7b\u00bb custom_margin=\u00bb||10px||false|false\u00bb hover_enabled=\u00bb0&#8243; global_colors_info=\u00bb{}\u00bb sticky_enabled=\u00bb0&#8243;]<\/p>\n<h5>Contacte<\/h5>\n<p>[\/et_pb_text][et_pb_text _builder_version=\u00bb4.18.0&#8243; _module_preset=\u00bbe8e16d8a-e84d-4912-9bb6-97a36696122d\u00bb text_font=\u00bb|300|||||||\u00bb text_text_color=\u00bb#000000&#8243; link_text_color=\u00bb#000000&#8243; custom_margin=\u00bb||20px||false|false\u00bb global_colors_info=\u00bb{}\u00bb]<\/p>\n<p>659937888<\/p>\n<p>[\/et_pb_text][et_pb_text _builder_version=\u00bb4.18.0&#8243; _module_preset=\u00bbe8e16d8a-e84d-4912-9bb6-97a36696122d\u00bb text_font=\u00bb|300|||||||\u00bb text_text_color=\u00bb#000000&#8243; text_font_size=\u00bb14px\u00bb link_text_color=\u00bb#000000&#8243; transform_scale=\u00bb101%|101%\u00bb width=\u00bb100%\u00bb max_width=\u00bb100%\u00bb custom_margin=\u00bb-9px||14px|0px|false|false\u00bb global_colors_info=\u00bb{}\u00bb]<\/p>\n<p>puntdeorientaciosociallesarenes@gmail.com<\/p>\n<p>[\/et_pb_text][et_pb_text _builder_version=\u00bb4.18.0&#8243; _module_preset=\u00bbe8e16d8a-e84d-4912-9bb6-97a36696122d\u00bb text_font=\u00bb||||||||\u00bb link_text_color=\u00bb#000000&#8243; custom_margin=\u00bb||20px||false|false\u00bb global_colors_info=\u00bb{}\u00bb]<\/p>\n<p>Carrer de Calaf, 46, 08227 Terrassa, Barcelona<\/p>\n<p>[\/et_pb_text][\/et_pb_column][et_pb_column type=\u00bb1_3&#8243; _builder_version=\u00bb4.23.1&#8243; _module_preset=\u00bbdefault\u00bb global_colors_info=\u00bb{}\u00bb][et_pb_text _builder_version=\u00bb4.18.0&#8243; _module_preset=\u00bba02eddaa-875a-4989-9aad-555076f8cb7b\u00bb custom_margin=\u00bb||10px||false|false\u00bb global_colors_info=\u00bb{}\u00bb]<\/p>\n<h5>Horari<\/h5>\n<p>[\/et_pb_text][et_pb_text _builder_version=\u00bb4.18.0&#8243; _module_preset=\u00bbe8e16d8a-e84d-4912-9bb6-97a36696122d\u00bb text_font=\u00bb|300|||||||\u00bb text_text_color=\u00bb#000000&#8243; link_text_color=\u00bb#000000&#8243; custom_margin=\u00bb||0px||false|false\u00bb global_colors_info=\u00bb{}\u00bb]<\/p>\n<p>Dilluns a Divendres<\/p>\n<p>[\/et_pb_text][et_pb_text _builder_version=\u00bb4.18.0&#8243; _module_preset=\u00bbe8e16d8a-e84d-4912-9bb6-97a36696122d\u00bb text_font=\u00bb||||||||\u00bb link_text_color=\u00bb#000000&#8243; custom_margin=\u00bb||20px||false|false\u00bb global_colors_info=\u00bb{}\u00bb]<\/p>\n<p>10.00 &#8211; 13.00 <\/p>\n<p>[\/et_pb_text][\/et_pb_column][et_pb_column type=\u00bb1_3&#8243; _builder_version=\u00bb4.23.1&#8243; _module_preset=\u00bbdefault\u00bb global_colors_info=\u00bb{}\u00bb][et_pb_text _builder_version=\u00bb4.18.0&#8243; _module_preset=\u00bba02eddaa-875a-4989-9aad-555076f8cb7b\u00bb custom_margin=\u00bb||10px||false|false\u00bb global_colors_info=\u00bb{}\u00bb]<\/p>\n<h5>Segueix-nos<\/h5>\n<p>[\/et_pb_text][et_pb_social_media_follow icon_color=\u00bb#E02B20&#8243; _builder_version=\u00bb4.18.0&#8243; _module_preset=\u00bbdefault\u00bb custom_margin=\u00bb|-8px||-8px|false|true\u00bb hover_enabled=\u00bb0&#8243; global_colors_info=\u00bb{}\u00bb custom_button=\u00bbon\u00bb button_bg_color=\u00bb#D6D6D6&#8243; button_bg_enable_color=\u00bbon\u00bb sticky_enabled=\u00bb0&#8243;][et_pb_social_media_follow_network social_network=\u00bbinstagram\u00bb _builder_version=\u00bb4.18.0&#8243; _module_preset=\u00bbdefault\u00bb hover_enabled=\u00bb0&#8243; global_colors_info=\u00bb{}\u00bb follow_button=\u00bboff\u00bb url_new_window=\u00bbon\u00bb sticky_enabled=\u00bb0&#8243;]instagram[\/et_pb_social_media_follow_network][\/et_pb_social_media_follow][\/et_pb_column][\/et_pb_row][\/et_pb_section]<\/p>\n","protected":false},"excerpt":{"rendered":"<p>Qu\u00e8 fem? &nbsp;Ajudem les persones a fer tr\u00e0mits relacionats amb les prestacions socials i a realitzar diferents tr\u00e0mits telem\u00e0ticsTr\u00e0mitssol\u00b7licitud o consulta sobre l\u2019Ingr\u00e9s M\u00ednim Vital, sol\u00b7licitud per a la renovaci\u00f3 de l\u2019atur, declaraci\u00f3 de la renda, alta i acc\u00e9s a l\u2019IdCAT m\u00f2bil, alta i acc\u00e9s a Cl@ve, cita pr\u00e8via per realitzar tr\u00e0mits a l\u2019Ajuntament (padr\u00f3, [&hellip;]<\/p>\n","protected":false},"author":1,"featured_media":0,"parent":0,"menu_order":0,"comment_status":"closed","ping_status":"closed","template":"","meta":{"_et_pb_use_builder":"on","_et_pb_old_content":"","_et_gb_content_width":"","footnotes":""},"class_list":["post-6","page","type-page","status-publish","hentry"],"_links":{"self":[{"href":"http:\/\/www.kasalpopular.net\/index.php?rest_route=\/wp\/v2\/pages\/6","targetHints":{"allow":["GET"]}}],"collection":[{"href":"http:\/\/www.kasalpopular.net\/index.php?rest_route=\/wp\/v2\/pages"}],"about":[{"href":"http:\/\/www.kasalpopular.net\/index.php?rest_route=\/wp\/v2\/types\/page"}],"author":[{"embeddable":true,"href":"http:\/\/www.kasalpopular.net\/index.php?rest_route=\/wp\/v2\/users\/1"}],"replies":[{"embeddable":true,"href":"http:\/\/www.kasalpopular.net\/index.php?rest_route=%2Fwp%2Fv2%2Fcomments&post=6"}],"version-history":[{"count":15,"href":"http:\/\/www.kasalpopular.net\/index.php?rest_route=\/wp\/v2\/pages\/6\/revisions"}],"predecessor-version":[{"id":211,"href":"http:\/\/www.kasalpopular.net\/index.php?rest_route=\/wp\/v2\/pages\/6\/revisions\/211"}],"wp:attachment":[{"href":"http:\/\/www.kasalpopular.net\/index.php?rest_route=%2Fwp%2Fv2%2Fmedia&parent=6"}],"curies":[{"name":"wp","href":"https:\/\/api.w.org\/{rel}","templated":true}]}}